{"id":2,"date":"2024-12-11T13:46:53","date_gmt":"2024-12-11T12:46:53","guid":{"rendered":"https:\/\/ecolescommunales.marche.be\/waha\/?page_id=2"},"modified":"2025-08-14T13:53:57","modified_gmt":"2025-08-14T11:53:57","slug":"page-d-exemple","status":"publish","type":"page","link":"https:\/\/ecolescommunales.marche.be\/waha\/","title":{"rendered":""},"content":{"rendered":"\n<div class=\"wp-block-columns is-not-stacked-on-mobile is-layout-flex wp-container-core-columns-is-layout-9d6595d7 wp-block-columns-is-layout-flex\">\n<div class=\"wp-block-column is-layout-flow wp-block-column-is-layout-flow\"><div class=\"wp-block-image iconsJf\">\n<figure class=\"aligncenter size-full is-resized\"><img decoding=\"async\" src=\"https:\/\/ecolescommunales.marche.be\/wp-content\/uploads\/2025\/08\/school-solid-full-2.svg\" alt=\"\" class=\"wp-image-68\" style=\"object-fit:cover;width:32px;height:32px\"\/><\/figure>\n<\/div>\n\n\n<h2 class=\"wp-block-heading has-text-align-center iconsJf\"><a href=\"https:\/\/ecolescommunales.marche.be\/waha\/presentation\/\" data-type=\"page\" data-id=\"18\">Pr\u00e9sentation<\/a><\/h2>\n<\/div>\n\n\n\n<div class=\"wp-block-column is-layout-flow wp-block-column-is-layout-flow\"><div class=\"wp-block-image iconsJf\">\n<figure class=\"aligncenter size-full is-resized\"><img decoding=\"async\" src=\"https:\/\/ecolescommunales.marche.be\/wp-content\/uploads\/2025\/08\/graduation-cap-solid-full.svg\" alt=\"\" class=\"wp-image-65\" style=\"object-fit:cover;width:32px;height:32px\"\/><\/figure>\n<\/div>\n\n\n<h2 class=\"wp-block-heading has-text-align-center iconsJf\"><a href=\"https:\/\/ecolescommunales.marche.be\/waha\/projet-etablissement\/\" data-type=\"page\" data-id=\"20\">Projet \u00e9tablissement<\/a><\/h2>\n<\/div>\n\n\n\n<div class=\"wp-block-column is-layout-flow wp-block-column-is-layout-flow\"><div class=\"wp-block-image iconsJf\">\n<figure class=\"aligncenter size-full is-resized\"><img decoding=\"async\" src=\"https:\/\/ecolescommunales.marche.be\/aye\/wp-content\/uploads\/sites\/2\/2025\/08\/clipboard-solid-full.svg\" alt=\"\" class=\"wp-image-47\" style=\"object-fit:cover;width:32px;height:32px\"\/><\/figure>\n<\/div>\n\n\n<h2 class=\"wp-block-heading has-text-align-center iconsJf\"><a href=\"https:\/\/ecolescommunales.marche.be\/aye\/wp-content\/uploads\/sites\/2\/2025\/08\/Memento-20252026.pdf\">M\u00e9mento<\/a><\/h2>\n<\/div>\n<\/div>\n\n\n\n<div class=\"wp-block-columns is-not-stacked-on-mobile is-layout-flex wp-container-core-columns-is-layout-9d6595d7 wp-block-columns-is-layout-flex\">\n<div class=\"wp-block-column is-layout-flow wp-block-column-is-layout-flow\"><div class=\"wp-block-image iconsJf\">\n<figure class=\"aligncenter size-full is-resized\"><img decoding=\"async\" src=\"https:\/\/ecolescommunales.marche.be\/wp-content\/uploads\/2025\/08\/phone-solid-full-1.svg\" alt=\"\" class=\"wp-image-67\" style=\"object-fit:cover;width:32px;height:32px\"\/><\/figure>\n<\/div>\n\n\n<h2 class=\"wp-block-heading has-text-align-center iconsJf\"><a href=\"https:\/\/ecolescommunales.marche.be\/waha\/contacts\/\" data-type=\"page\" data-id=\"22\">Contacts<\/a><\/h2>\n<\/div>\n\n\n\n<div class=\"wp-block-column is-layout-flow wp-block-column-is-layout-flow\"><div class=\"wp-block-image iconsJf\">\n<figure class=\"aligncenter size-full is-resized\"><img decoding=\"async\" src=\"https:\/\/ecolescommunales.marche.be\/aye\/wp-content\/uploads\/sites\/2\/2025\/08\/facebook-brands-solid-full.svg\" alt=\"\" class=\"wp-image-48\" style=\"object-fit:cover;width:32px;height:32px\"\/><\/figure>\n<\/div>\n\n\n<h2 class=\"wp-block-heading has-text-align-center iconsJf\"><a href=\"https:\/\/www.facebook.com\/profile.php?id=61565823694797\">Facebook<\/a><\/h2>\n<\/div>\n\n\n\n<div class=\"wp-block-column is-layout-flow wp-block-column-is-layout-flow\"><div class=\"wp-block-image iconsJf\">\n<figure class=\"aligncenter size-full is-resized\"><img decoding=\"async\" src=\"https:\/\/ecolescommunales.marche.be\/wp-content\/uploads\/2025\/08\/book-solid-full-1.svg\" alt=\"\" class=\"wp-image-64\" style=\"object-fit:cover;width:32px;height:32px\"\/><\/figure>\n<\/div>\n\n\n<h2 class=\"wp-block-heading has-text-align-center iconsJf\"><a href=\"https:\/\/ecolescommunales.marche.be\/waha\/reglement\/\" data-type=\"page\" data-id=\"25\">R\u00e8glement<\/a><\/h2>\n<\/div>\n<\/div>\n\n\n\n<p><\/p>\n","protected":false},"excerpt":{"rendered":"<p>Pr\u00e9sentation Projet \u00e9tablissement M\u00e9mento Contacts Facebook R\u00e8glement<\/p>\n","protected":false},"author":1,"featured_media":0,"parent":0,"menu_order":0,"comment_status":"closed","ping_status":"open","template":"","meta":{"inline_featured_image":false,"footnotes":""},"class_list":["post-2","page","type-page","status-publish","hentry"],"_links":{"self":[{"href":"https:\/\/ecolescommunales.marche.be\/waha\/wp-json\/wp\/v2\/pages\/2","targetHints":{"allow":["GET"]}}],"collection":[{"href":"https:\/\/ecolescommunales.marche.be\/waha\/wp-json\/wp\/v2\/pages"}],"about":[{"href":"https:\/\/ecolescommunales.marche.be\/waha\/wp-json\/wp\/v2\/types\/page"}],"author":[{"embeddable":true,"href":"https:\/\/ecolescommunales.marche.be\/waha\/wp-json\/wp\/v2\/users\/1"}],"replies":[{"embeddable":true,"href":"https:\/\/ecolescommunales.marche.be\/waha\/wp-json\/wp\/v2\/comments?post=2"}],"version-history":[{"count":0,"href":"https:\/\/ecolescommunales.marche.be\/waha\/wp-json\/wp\/v2\/pages\/2\/revisions"}],"wp:attachment":[{"href":"https:\/\/ecolescommunales.marche.be\/waha\/wp-json\/wp\/v2\/media?parent=2"}],"curies":[{"name":"wp","href":"https:\/\/api.w.org\/{rel}","templated":true}]}}