{"id":2,"date":"2024-12-11T13:46:30","date_gmt":"2024-12-11T12:46:30","guid":{"rendered":"https:\/\/ecolescommunales.marche.be\/on\/?page_id=2"},"modified":"2026-02-02T11:02:24","modified_gmt":"2026-02-02T10:02:24","slug":"page-d-exemple","status":"publish","type":"page","link":"https:\/\/ecolescommunales.marche.be\/on\/","title":{"rendered":""},"content":{"rendered":"\n<div class=\"wp-block-columns is-not-stacked-on-mobile is-layout-flex wp-container-core-columns-is-layout-9d6595d7 wp-block-columns-is-layout-flex\">\n<div class=\"wp-block-column is-layout-flow wp-block-column-is-layout-flow\"><div class=\"wp-block-image iconsJf\">\n<figure class=\"aligncenter size-full is-resized\"><img decoding=\"async\" src=\"https:\/\/ecolescommunales.marche.be\/wp-content\/uploads\/2025\/08\/school-solid-full-2.svg\" alt=\"\" class=\"wp-image-68\" style=\"object-fit:cover;width:32px;height:32px\" \/><\/figure>\n<\/div>\n\n\n<h2 class=\"wp-block-heading has-text-align-center iconsJf\"><a href=\"https:\/\/ecolescommunales.marche.be\/on\/presentation\/\" data-type=\"page\" data-id=\"11\">Pr\u00e9sentation<\/a><\/h2>\n<\/div>\n\n\n\n<div class=\"wp-block-column is-layout-flow wp-block-column-is-layout-flow\"><div class=\"wp-block-image iconsJf\">\n<figure class=\"aligncenter size-full is-resized\"><img decoding=\"async\" src=\"https:\/\/ecolescommunales.marche.be\/wp-content\/uploads\/2025\/08\/graduation-cap-solid-full.svg\" alt=\"\" class=\"wp-image-65\" style=\"object-fit:cover;width:32px;height:32px\" \/><\/figure>\n<\/div>\n\n\n<h2 class=\"wp-block-heading has-text-align-center iconsJf\"><a href=\"https:\/\/ecolescommunales.marche.be\/on\/projet-etablissement\/\" data-type=\"page\" data-id=\"12\">Projet d&rsquo;\u00e9cole<\/a><\/h2>\n<\/div>\n\n\n\n<div class=\"wp-block-column is-layout-flow wp-block-column-is-layout-flow\"><div class=\"wp-block-image iconsJf\">\n<figure class=\"aligncenter size-full is-resized\"><img decoding=\"async\" src=\"https:\/\/ecolescommunales.marche.be\/aye\/wp-content\/uploads\/sites\/2\/2025\/08\/clipboard-solid-full.svg\" alt=\"\" class=\"wp-image-47\" style=\"object-fit:cover;width:32px;height:32px\" \/><\/figure>\n<\/div>\n\n\n<h2 class=\"wp-block-heading has-text-align-center iconsJf\"><a href=\"https:\/\/www.calameo.com\/read\/004885681576a2b2db4b4\">M\u00e9mento<\/a><\/h2>\n<\/div>\n<\/div>\n\n\n\n<div class=\"wp-block-columns is-not-stacked-on-mobile is-layout-flex wp-container-core-columns-is-layout-9d6595d7 wp-block-columns-is-layout-flex\">\n<div class=\"wp-block-column is-layout-flow wp-block-column-is-layout-flow\"><div class=\"wp-block-image iconsJf\">\n<figure class=\"aligncenter size-full is-resized\"><img decoding=\"async\" src=\"https:\/\/ecolescommunales.marche.be\/wp-content\/uploads\/2025\/08\/phone-solid-full-1.svg\" alt=\"\" class=\"wp-image-67\" style=\"object-fit:cover;width:32px;height:32px\" \/><\/figure>\n<\/div>\n\n\n<h2 class=\"wp-block-heading has-text-align-center iconsJf\"><a href=\"https:\/\/ecolescommunales.marche.be\/on\/contacts\/\" data-type=\"page\" data-id=\"14\">Contacts<\/a><\/h2>\n<\/div>\n\n\n\n<div class=\"wp-block-column is-layout-flow wp-block-column-is-layout-flow\"><div class=\"wp-block-image iconsJf\">\n<figure class=\"aligncenter size-full is-resized\"><img decoding=\"async\" src=\"https:\/\/ecolescommunales.marche.be\/aye\/wp-content\/uploads\/sites\/2\/2025\/08\/facebook-brands-solid-full.svg\" alt=\"\" class=\"wp-image-48\" style=\"object-fit:cover;width:32px;height:32px\" \/><\/figure>\n<\/div>\n\n\n<h2 class=\"wp-block-heading has-text-align-center iconsJf\"><a href=\"https:\/\/www.facebook.com\/profile.php?id=100066325968999\">Facebook<\/a><\/h2>\n<\/div>\n\n\n\n<div class=\"wp-block-column is-layout-flow wp-block-column-is-layout-flow\"><div class=\"wp-block-image iconsJf\">\n<figure class=\"aligncenter size-full is-resized\"><img decoding=\"async\" src=\"https:\/\/ecolescommunales.marche.be\/wp-content\/uploads\/2025\/08\/book-solid-full-1.svg\" alt=\"\" class=\"wp-image-64\" style=\"object-fit:cover;width:32px;height:32px\" \/><\/figure>\n<\/div>\n\n\n<h2 class=\"wp-block-heading has-text-align-center iconsJf\"><a href=\"https:\/\/ecolescommunales.marche.be\/on\/reglement\/\" data-type=\"page\" data-id=\"15\">R\u00e8glement<\/a><\/h2>\n<\/div>\n<\/div>\n\n\n\n<p><\/p>\n","protected":false},"excerpt":{"rendered":"<p>Pr\u00e9sentation Projet d&rsquo;\u00e9cole M\u00e9mento Contacts Facebook R\u00e8glement<\/p>\n","protected":false},"author":1,"featured_media":0,"parent":0,"menu_order":0,"comment_status":"closed","ping_status":"open","template":"","meta":{"inline_featured_image":false,"footnotes":""},"class_list":["post-2","page","type-page","status-publish","hentry"],"_links":{"self":[{"href":"https:\/\/ecolescommunales.marche.be\/on\/wp-json\/wp\/v2\/pages\/2","targetHints":{"allow":["GET"]}}],"collection":[{"href":"https:\/\/ecolescommunales.marche.be\/on\/wp-json\/wp\/v2\/pages"}],"about":[{"href":"https:\/\/ecolescommunales.marche.be\/on\/wp-json\/wp\/v2\/types\/page"}],"author":[{"embeddable":true,"href":"https:\/\/ecolescommunales.marche.be\/on\/wp-json\/wp\/v2\/users\/1"}],"replies":[{"embeddable":true,"href":"https:\/\/ecolescommunales.marche.be\/on\/wp-json\/wp\/v2\/comments?post=2"}],"version-history":[{"count":0,"href":"https:\/\/ecolescommunales.marche.be\/on\/wp-json\/wp\/v2\/pages\/2\/revisions"}],"wp:attachment":[{"href":"https:\/\/ecolescommunales.marche.be\/on\/wp-json\/wp\/v2\/media?parent=2"}],"curies":[{"name":"wp","href":"https:\/\/api.w.org\/{rel}","templated":true}]}}